{"version":"1.0","provider_name":"QuickCarbon","provider_url":"https:\/\/www.quickcarbon.com\/tr","title":"Ekolojik Ayak \u0130zi Azaltma Y\u00f6ntemleri - QuickCarbon","type":"rich","width":600,"height":338,"html":"<blockquote class=\"wp-embedded-content\" data-secret=\"Mt3ZPgEbqf\"><a href=\"https:\/\/www.quickcarbon.com\/tr\/blog\/ekolojik-ayak-izi-azaltma-yontemleri\/\">Ekolojik Ayak \u0130zi Azaltma Y\u00f6ntemleri<\/a><\/blockquote><iframe sandbox=\"allow-scripts\" security=\"restricted\" src=\"https:\/\/www.quickcarbon.com\/tr\/blog\/ekolojik-ayak-izi-azaltma-yontemleri\/embed\/#?secret=Mt3ZPgEbqf\" width=\"600\" height=\"338\" title=\"&#8220;Ekolojik Ayak \u0130zi Azaltma Y\u00f6ntemleri&#8221; &#8212; QuickCarbon\" data-secret=\"Mt3ZPgEbqf\" frameborder=\"0\" marginwidth=\"0\" marginheight=\"0\" scrolling=\"no\" class=\"wp-embedded-content\"><\/iframe><script>\n\/*! This file is auto-generated *\/\n!function(d,l){\"use strict\";l.querySelector&&d.addEventListener&&\"undefined\"!=typeof URL&&(d.wp=d.wp||{},d.wp.receiveEmbedMessage||(d.wp.receiveEmbedMessage=function(e){var t=e.data;if((t||t.secret||t.message||t.value)&&!\/[^a-zA-Z0-9]\/.test(t.secret)){for(var s,r,n,a=l.querySelectorAll('iframe[data-secret=\"'+t.secret+'\"]'),o=l.querySelectorAll('blockquote[data-secret=\"'+t.secret+'\"]'),c=new RegExp(\"^https?:$\",\"i\"),i=0;i<o.length;i++)o[i].style.display=\"none\";for(i=0;i<a.length;i++)s=a[i],e.source===s.contentWindow&&(s.removeAttribute(\"style\"),\"height\"===t.message?(1e3<(r=parseInt(t.value,10))?r=1e3:~~r<200&&(r=200),s.height=r):\"link\"===t.message&&(r=new URL(s.getAttribute(\"src\")),n=new URL(t.value),c.test(n.protocol))&&n.host===r.host&&l.activeElement===s&&(d.top.location.href=t.value))}},d.addEventListener(\"message\",d.wp.receiveEmbedMessage,!1),l.addEventListener(\"DOMContentLoaded\",function(){for(var e,t,s=l.querySelectorAll(\"iframe.wp-embedded-content\"),r=0;r<s.length;r++)(t=(e=s[r]).getAttribute(\"data-secret\"))||(t=Math.random().toString(36).substring(2,12),e.src+=\"#?secret=\"+t,e.setAttribute(\"data-secret\",t)),e.contentWindow.postMessage({message:\"ready\",secret:t},\"*\")},!1)))}(window,document);\n<\/script>\n","thumbnail_url":"https:\/\/www.quickcarbon.com\/tr\/wp-content\/uploads\/2025\/01\/27_Kapak-Gorsel.jpg","thumbnail_width":1072,"thumbnail_height":666,"description":"\u0130lk olarak 1990 y\u0131l\u0131nda tan\u0131t\u0131lan ekolojik ayak izi kavram\u0131, insan faaliyetleriyle ili\u015fkili \u00e7evresel etkilerin de\u011ferlendirilmesi i\u00e7in bir \u00f6l\u00e7\u00fct sunar. \u00d6zellikle iklim de\u011fi\u015fikli\u011fiyle ilgili sorunlar\u0131n t\u00fcm d\u00fcnyada endi\u015fe yaratan bir durum olmas\u0131, ekolojik ayak izini daha s\u0131k kar\u015f\u0131la\u015f\u0131lan bir kavram h\u00e2line getirdi. Bu durum g\u00fcn\u00fcm\u00fczde bir\u00e7ok bireyi, \u015firketleri ve i\u015fletmeleri s\u00fcrd\u00fcr\u00fclebilir bir gelece\u011fe y\u00f6nelik ad\u0131mlar atmaya te\u015fvik ediyor."}